{"id":14196,"date":"2022-11-21T18:50:22","date_gmt":"2022-11-21T18:50:22","guid":{"rendered":"https:\/\/www.gimnasiovermont.edu.co\/department-of-visual-arts\/"},"modified":"2022-12-26T21:24:53","modified_gmt":"2022-12-26T21:24:53","slug":"department-of-visual-arts","status":"publish","type":"page","link":"https:\/\/www.gimnasiovermont.edu.co\/en\/department-of-visual-arts\/","title":{"rendered":"Department of Visual Arts"},"content":{"rendered":"\n<figure class=\"wp-block-image alignwide size-full claseImagenes4\"><img decoding=\"async\" width=\"1000\" height=\"200\" src=\"http:\/\/www.gimnasiovermont.edu.co\/wp-content\/uploads\/2021\/11\/Banner-Paginas-internas-PG-Web-GV-8.png\" alt=\"\" class=\"wp-image-6790\" srcset=\"https:\/\/www.gimnasiovermont.edu.co\/wp-content\/uploads\/2021\/11\/Banner-Paginas-internas-PG-Web-GV-8.png 1000w, https:\/\/www.gimnasiovermont.edu.co\/wp-content\/uploads\/2021\/11\/Banner-Paginas-internas-PG-Web-GV-8-300x60.png 300w, https:\/\/www.gimnasiovermont.edu.co\/wp-content\/uploads\/2021\/11\/Banner-Paginas-internas-PG-Web-GV-8-768x154.png 768w\" sizes=\"(max-width: 1000px) 100vw, 1000px\" \/><\/figure>\n\n<p class=\"has-text-align-center\"><strong>&#8220;Art consists of celebrating, singing and carrying out beauty&#8221; Balthus<\/strong><\/p>\n\n<p>What do we do?<\/p>\n\n<p>The Art Program at the school runs from preschool to eleventh grade. Thus, each student who graduates from Gimnasio Vermont will be a part of an artistic experience at at every stage of their school life, learn about the evolution of art through the different cultures of humanity, express their feelings and develop their creativity thanks to the diversity of techniques learned in their classes.<\/p>\n\n<p><strong>How do we do it?<\/strong><\/p>\n\n<p>&#13;\nStudents internalize art by exploring and searching for different possibilities to express their feelings, emotions and understanding of reality. Their first artistic approaches become expressions of their inner world. Later, they will come into contact with a wide range of resources, techniques and aesthetic currents that will awaken in them the necessary creativity to capture them in their works.<\/p>\n\n<p>These works, made term by term and which are exhibited in the school facilities, surprise the visitor by the display of imagination and creativity. In this way, art at Gimnasio Vermont is a stage that supports the subjective, expressive, reflective and divergent processes.<\/p>\n\n<p>We focus on developing in students: creativity, exploration and investigation as an essential part of the creation of their artistic projects.<\/p>\n\n<div class=\"wp-block-columns is-layout-flex wp-container-core-columns-is-layout-28f84493 wp-block-columns-is-layout-flex\">\n<div class=\"wp-block-column is-layout-flow wp-block-column-is-layout-flow\">\n<figure class=\"wp-block-image size-large is-resized is-style-rounded\"><img decoding=\"async\" src=\"http:\/\/www.gimnasiovermont.edu.co\/wp-content\/uploads\/2021\/11\/1111-edited.jpg\" alt=\"\" class=\"wp-image-6808\" width=\"300\" height=\"300\" srcset=\"https:\/\/www.gimnasiovermont.edu.co\/wp-content\/uploads\/2021\/11\/1111-edited.jpg 2290w, https:\/\/www.gimnasiovermont.edu.co\/wp-content\/uploads\/2021\/11\/1111-edited-300x300.jpg 300w, https:\/\/www.gimnasiovermont.edu.co\/wp-content\/uploads\/2021\/11\/1111-edited-1024x1024.jpg 1024w, https:\/\/www.gimnasiovermont.edu.co\/wp-content\/uploads\/2021\/11\/1111-edited-150x150.jpg 150w, https:\/\/www.gimnasiovermont.edu.co\/wp-content\/uploads\/2021\/11\/1111-edited-768x768.jpg 768w, https:\/\/www.gimnasiovermont.edu.co\/wp-content\/uploads\/2021\/11\/1111-edited-1536x1536.jpg 1536w, https:\/\/www.gimnasiovermont.edu.co\/wp-content\/uploads\/2021\/11\/1111-edited-2048x2048.jpg 2048w\" sizes=\"(max-width: 300px) 100vw, 300px\" \/><\/figure>\n\n\n\n<p><strong>Research<\/strong>: Part of the training that children receive is the possibility of coming into contact with the evolution of the arts in the history of humanity, through the study and analysis of the works, artistic movements, theories, interviews, questions and the art journal.<\/p>\n<\/div>\n\n\n\n<div class=\"wp-block-column is-layout-flow wp-block-column-is-layout-flow\">\n<figure class=\"wp-block-image size-large is-resized is-style-rounded\"><img decoding=\"async\" src=\"http:\/\/www.gimnasiovermont.edu.co\/wp-content\/uploads\/2021\/11\/20140424_165414-edited.jpg\" alt=\"\" class=\"wp-image-6814\" width=\"300\" height=\"300\" srcset=\"https:\/\/www.gimnasiovermont.edu.co\/wp-content\/uploads\/2021\/11\/20140424_165414-edited.jpg 1151w, https:\/\/www.gimnasiovermont.edu.co\/wp-content\/uploads\/2021\/11\/20140424_165414-edited-300x300.jpg 300w, https:\/\/www.gimnasiovermont.edu.co\/wp-content\/uploads\/2021\/11\/20140424_165414-edited-1024x1024.jpg 1024w, https:\/\/www.gimnasiovermont.edu.co\/wp-content\/uploads\/2021\/11\/20140424_165414-edited-150x150.jpg 150w, https:\/\/www.gimnasiovermont.edu.co\/wp-content\/uploads\/2021\/11\/20140424_165414-edited-768x769.jpg 768w\" sizes=\"(max-width: 300px) 100vw, 300px\" \/><\/figure>\n\n\n\n<p><strong>Exploration<\/strong>: Children have at their disposal an assorment of materials, a variety of previously presented techniques and forms such as provocations, paintings, drawings, digital media, printmaking, writing, ceramics, construction, modeling and unconventional materials (recycled materials).<\/p>\n<\/div>\n\n\n\n<div class=\"wp-block-column is-layout-flow wp-block-column-is-layout-flow\">\n<figure class=\"wp-block-image size-large is-resized is-style-rounded\"><img decoding=\"async\" src=\"http:\/\/www.gimnasiovermont.edu.co\/wp-content\/uploads\/2021\/11\/IB-EXHIBITION_67-edited-scaled.jpg\" alt=\"\" class=\"wp-image-6820\" width=\"300\" height=\"300\" srcset=\"https:\/\/www.gimnasiovermont.edu.co\/wp-content\/uploads\/2021\/11\/IB-EXHIBITION_67-edited-scaled.jpg 2557w, https:\/\/www.gimnasiovermont.edu.co\/wp-content\/uploads\/2021\/11\/IB-EXHIBITION_67-edited-300x300.jpg 300w, https:\/\/www.gimnasiovermont.edu.co\/wp-content\/uploads\/2021\/11\/IB-EXHIBITION_67-edited-1024x1024.jpg 1024w, https:\/\/www.gimnasiovermont.edu.co\/wp-content\/uploads\/2021\/11\/IB-EXHIBITION_67-edited-150x150.jpg 150w, https:\/\/www.gimnasiovermont.edu.co\/wp-content\/uploads\/2021\/11\/IB-EXHIBITION_67-edited-768x769.jpg 768w, https:\/\/www.gimnasiovermont.edu.co\/wp-content\/uploads\/2021\/11\/IB-EXHIBITION_67-edited-1534x1536.jpg 1534w, https:\/\/www.gimnasiovermont.edu.co\/wp-content\/uploads\/2021\/11\/IB-EXHIBITION_67-edited-2046x2048.jpg 2046w\" sizes=\"(max-width: 300px) 100vw, 300px\" \/><\/figure>\n\n\n\n<p><strong>Projects<\/strong>: The student, at the end of the process, produces an aesthetic work that is socialized in collective exhibitions.<\/p>\n<\/div>\n<\/div>\n\n<p class=\"has-text-align-center has-medium-font-size\">Exhibitions and<strong> events<\/strong><\/p>\n\n<div class=\"wp-block-columns is-layout-flex wp-container-core-columns-is-layout-28f84493 wp-block-columns-is-layout-flex\">\n<div class=\"wp-block-column is-layout-flow wp-block-column-is-layout-flow\">\n<p class=\"has-normal-font-size\"><strong>Exhibitions<\/strong><\/p>\n\n\n\n<figure class=\"wp-block-image size-large\"><img decoding=\"async\" width=\"2560\" height=\"1602\" src=\"http:\/\/www.gimnasiovermont.edu.co\/wp-content\/uploads\/2021\/09\/IB-EXHIBITION_68-edited-scaled.jpg\" alt=\"\" class=\"wp-image-5224\" srcset=\"https:\/\/www.gimnasiovermont.edu.co\/wp-content\/uploads\/2021\/09\/IB-EXHIBITION_68-edited-scaled.jpg 2560w, https:\/\/www.gimnasiovermont.edu.co\/wp-content\/uploads\/2021\/09\/IB-EXHIBITION_68-edited-300x188.jpg 300w, https:\/\/www.gimnasiovermont.edu.co\/wp-content\/uploads\/2021\/09\/IB-EXHIBITION_68-edited-1024x641.jpg 1024w, https:\/\/www.gimnasiovermont.edu.co\/wp-content\/uploads\/2021\/09\/IB-EXHIBITION_68-edited-768x480.jpg 768w, https:\/\/www.gimnasiovermont.edu.co\/wp-content\/uploads\/2021\/09\/IB-EXHIBITION_68-edited-1536x961.jpg 1536w, https:\/\/www.gimnasiovermont.edu.co\/wp-content\/uploads\/2021\/09\/IB-EXHIBITION_68-edited-2048x1281.jpg 2048w\" sizes=\"(max-width: 2560px) 100vw, 2560px\" \/><\/figure>\n\n\n\n<p>Students from all sections participate in the three exhibitions that are held at the end of each term. Another wonderful opportunity is putting the work of Gimnasio Vermont students in context at the Uncoli Art Festivals, in which all the association&#8217;s schools participate.<\/p>\n<\/div>\n\n\n\n<div class=\"wp-block-column is-layout-flow wp-block-column-is-layout-flow\">\n<p class=\"has-normal-font-size\"><strong>IB Art Program<\/strong><\/p>\n\n\n\n<figure class=\"wp-block-embed is-type-video is-provider-youtube wp-block-embed-youtube wp-embed-aspect-16-9 wp-has-aspect-ratio\"><div class=\"wp-block-embed__wrapper\">\r\n<iframe title=\"Galer\u00eda Arte IB\" width=\"980\" height=\"551\" src=\"https:\/\/www.youtube.com\/embed\/M_8TakWPCi8?feature=oembed\" frameborder=\"0\" allow=\"accelerometer; autoplay; clipboard-write; encrypted-media; gyroscope; picture-in-picture\" allowfullscreen><\/iframe>\r\n<\/div><\/figure>\r\n\n\n\n<p>On the other hand, our students, according to their vocation, have the possibility of choosing the option to deepen their art knowledge through the IB Art Program. With the 2020 \u2013 2021 class, the Gimnasio Vermont had the chance to venture into this option. \u00d3pera prima was the result of the process of inquiry, introspection, creation and deep exploration of these students. This subject guaranteed those who saw in art or related careers the possibility of enhancing their talent and conceiving themselves as artists during their university education.<\/p>\n<\/div>\n\n\n\n<div class=\"wp-block-column is-layout-flow wp-block-column-is-layout-flow\">\n<p class=\"has-normal-font-size\"><strong>Arts festival<\/strong><\/p>\n\n\n\n<figure class=\"wp-block-image size-large\"><img decoding=\"async\" width=\"1024\" height=\"681\" src=\"http:\/\/www.gimnasiovermont.edu.co\/wp-content\/uploads\/2021\/08\/Vermont-696-1024x681.jpg\" alt=\"\" class=\"wp-image-3410\" srcset=\"https:\/\/www.gimnasiovermont.edu.co\/wp-content\/uploads\/2021\/08\/Vermont-696-1024x681.jpg 1024w, https:\/\/www.gimnasiovermont.edu.co\/wp-content\/uploads\/2021\/08\/Vermont-696-300x200.jpg 300w, https:\/\/www.gimnasiovermont.edu.co\/wp-content\/uploads\/2021\/08\/Vermont-696-768x511.jpg 768w, https:\/\/www.gimnasiovermont.edu.co\/wp-content\/uploads\/2021\/08\/Vermont-696-1536x1022.jpg 1536w, https:\/\/www.gimnasiovermont.edu.co\/wp-content\/uploads\/2021\/08\/Vermont-696-2048x1363.jpg 2048w\" sizes=\"(max-width: 1024px) 100vw, 1024px\" \/><\/figure>\n\n\n\n<p>The scenography for the Arts Festival is the result of the collective work of the students, which they carry out in their art classes, in accordance with the assembly proposal, under the leadership of their teachers and around the search for a sense of the scenes that make up the play.<\/p>\n\n\n\n<p>&#13;\nYear after year, this emblematic festival of Gimnasio Vermont has delighted the public with memorable musicals such as \u201cA bridge of Magpies\u201d in 2015; the \u201cPena Andaluza\u201d in 2016; &#8220;MamaQuilla and the six elements&#8221; in 2017; &#8220;Colombia today&#8221; in 2018, and &#8220;Cinderella&#8221; in 2020.<\/p>\n<\/div>\n<\/div>\n\n<div class=\"wp-block-columns is-layout-flex wp-container-core-columns-is-layout-28f84493 wp-block-columns-is-layout-flex\">\n<div class=\"wp-block-column is-layout-flow wp-block-column-is-layout-flow\">\n<div class=\"wp-block-image\"><figure class=\"alignright size-large is-resized\"><a href=\"https:\/\/www.gimnasiovermont.edu.co\/admisiones\/\"><img decoding=\"async\" src=\"http:\/\/www.gimnasiovermont.edu.co\/wp-content\/uploads\/2020\/11\/mision-3.svg\" alt=\"\" class=\"wp-image-275\" width=\"95\" height=\"95\" srcset=\"https:\/\/www.gimnasiovermont.edu.co\/wp-content\/uploads\/\/2020\/11\/mision-3.svg 150w, https:\/\/www.gimnasiovermont.edu.co\/wp-content\/uploads\/\/2020\/11\/mision-3.svg 300w, https:\/\/www.gimnasiovermont.edu.co\/wp-content\/uploads\/\/2020\/11\/mision-3.svg 1024w\" sizes=\"(max-width: 95px) 100vw, 95px\" \/><\/a><figcaption><a href=\"https:\/\/www.gimnasiovermont.edu.co\/admisiones\/\" target=\"_blank\" rel=\"noreferrer noopener\">Admisiones<\/a><\/figcaption><\/figure><\/div>\n<\/div>\n\n\n\n<div class=\"wp-block-column is-layout-flow wp-block-column-is-layout-flow\">\n<div class=\"wp-block-image\"><figure class=\"aligncenter size-full is-resized\"><a href=\"https:\/\/www.gimnasiovermont.edu.co\/bachillerato-internacional\/\"><img decoding=\"async\" src=\"http:\/\/www.gimnasiovermont.edu.co\/wp-content\/uploads\/2020\/11\/mision-1.png\" alt=\"\" class=\"wp-image-269\" width=\"95\" height=\"95\"\/><\/a><figcaption><a href=\"https:\/\/www.gimnasiovermont.edu.co\/bachillerato-internacional\/\" target=\"_blank\" rel=\"noreferrer noopener\">Bachillerato Internacional<\/a><\/figcaption><\/figure><\/div>\n<\/div>\n\n\n\n<div class=\"wp-block-column is-layout-flow wp-block-column-is-layout-flow\">\n<div class=\"wp-block-image is-style-rounded\"><figure class=\"alignleft size-large is-resized\"><a href=\"https:\/\/www.gimnasiovermont.edu.co\/nosotros\/apoyo-escolar\/\"><img decoding=\"async\" src=\"http:\/\/www.gimnasiovermont.edu.co\/wp-content\/uploads\/2021\/07\/Copia-de-White-Charcoal-Minimalist-Beer-Illustration-Birthday-Invitation-1024x1024.jpg\" alt=\"\" class=\"wp-image-2274\" width=\"96\" height=\"96\" srcset=\"https:\/\/www.gimnasiovermont.edu.co\/wp-content\/uploads\/2021\/07\/Copia-de-White-Charcoal-Minimalist-Beer-Illustration-Birthday-Invitation-1024x1024.jpg 1024w, https:\/\/www.gimnasiovermont.edu.co\/wp-content\/uploads\/2021\/07\/Copia-de-White-Charcoal-Minimalist-Beer-Illustration-Birthday-Invitation-300x300.jpg 300w, https:\/\/www.gimnasiovermont.edu.co\/wp-content\/uploads\/2021\/07\/Copia-de-White-Charcoal-Minimalist-Beer-Illustration-Birthday-Invitation-150x150.jpg 150w, https:\/\/www.gimnasiovermont.edu.co\/wp-content\/uploads\/2021\/07\/Copia-de-White-Charcoal-Minimalist-Beer-Illustration-Birthday-Invitation-768x768.jpg 768w, https:\/\/www.gimnasiovermont.edu.co\/wp-content\/uploads\/2021\/07\/Copia-de-White-Charcoal-Minimalist-Beer-Illustration-Birthday-Invitation-1536x1536.jpg 1536w, https:\/\/www.gimnasiovermont.edu.co\/wp-content\/uploads\/2021\/07\/Copia-de-White-Charcoal-Minimalist-Beer-Illustration-Birthday-Invitation.jpg 1654w\" sizes=\"(max-width: 96px) 100vw, 96px\" \/><\/a><figcaption><a href=\"https:\/\/www.gimnasiovermont.edu.co\/nosotros\/apoyo-escolar\/\" target=\"_blank\" rel=\"noreferrer noopener\">Apoyo Escolar<\/a><\/figcaption><\/figure><\/div>\n<\/div>\n<\/div>\n\n<p><\/p>\n","protected":false},"excerpt":{"rendered":"<p>&#8220;Art consists of celebrating, singing and carrying out beauty&#8221; Balthus What do we do? The Art Program at the school [&hellip;]<\/p>\n","protected":false},"author":2,"featured_media":0,"parent":0,"menu_order":0,"comment_status":"open","ping_status":"closed","template":"","meta":{"_uag_custom_page_level_css":"","advgb_blocks_editor_width":"","advgb_blocks_columns_visual_guide":"","_joinchat":[],"footnotes":""},"class_list":["post-14196","page","type-page","status-publish","hentry"],"featured_image_src":null,"yoast_head":"<!-- This site is optimized with the Yoast SEO plugin v26.9 - https:\/\/yoast.com\/product\/yoast-seo-wordpress\/ -->\n<title>Department of Visual Arts - Gimnasio Vermont<\/title>\n<meta name=\"description\" content=\"Los estudiantes interiorizan el arte a partir de la exploraci\u00f3n y la b\u00fasqueda de diferentes posibilidades para expresar sus sentimientos, emociones y comprensi\u00f3n de la realidad.\" \/>\n<meta name=\"robots\" content=\"index, follow, max-snippet:-1, max-image-preview:large, max-video-preview:-1\" \/>\n<link rel=\"canonical\" href=\"https:\/\/www.gimnasiovermont.edu.co\/en\/department-of-visual-arts\/\" \/>\n<meta property=\"og:locale\" content=\"en_US\" \/>\n<meta property=\"og:type\" content=\"article\" \/>\n<meta property=\"og:title\" content=\"Department of Visual Arts - Gimnasio Vermont\" \/>\n<meta property=\"og:description\" content=\"Los estudiantes interiorizan el arte a partir de la exploraci\u00f3n y la b\u00fasqueda de diferentes posibilidades para expresar sus sentimientos, emociones y comprensi\u00f3n de la realidad.\" \/>\n<meta property=\"og:url\" content=\"https:\/\/www.gimnasiovermont.edu.co\/en\/department-of-visual-arts\/\" \/>\n<meta property=\"og:site_name\" content=\"Gimnasio Vermont\" \/>\n<meta property=\"article:modified_time\" content=\"2022-12-26T21:24:53+00:00\" \/>\n<meta property=\"og:image\" content=\"http:\/\/www.gimnasiovermont.edu.co\/wp-content\/uploads\/2021\/11\/Banner-Paginas-internas-PG-Web-GV-8.png\" \/>\n<meta name=\"twitter:card\" content=\"summary_large_image\" \/>\n<meta name=\"twitter:label1\" content=\"Est. reading time\" \/>\n\t<meta name=\"twitter:data1\" content=\"3 minutes\" \/>\n<script type=\"application\/ld+json\" class=\"yoast-schema-graph\">{\"@context\":\"https:\/\/schema.org\",\"@graph\":[{\"@type\":\"WebPage\",\"@id\":\"https:\/\/www.gimnasiovermont.edu.co\/en\/department-of-visual-arts\/\",\"url\":\"https:\/\/www.gimnasiovermont.edu.co\/en\/department-of-visual-arts\/\",\"name\":\"Department of Visual Arts - Gimnasio Vermont\",\"isPartOf\":{\"@id\":\"https:\/\/www.gimnasiovermont.edu.co\/#website\"},\"primaryImageOfPage\":{\"@id\":\"https:\/\/www.gimnasiovermont.edu.co\/en\/department-of-visual-arts\/#primaryimage\"},\"image\":{\"@id\":\"https:\/\/www.gimnasiovermont.edu.co\/en\/department-of-visual-arts\/#primaryimage\"},\"thumbnailUrl\":\"http:\/\/www.gimnasiovermont.edu.co\/wp-content\/uploads\/2021\/11\/Banner-Paginas-internas-PG-Web-GV-8.png\",\"datePublished\":\"2022-11-21T18:50:22+00:00\",\"dateModified\":\"2022-12-26T21:24:53+00:00\",\"description\":\"Los estudiantes interiorizan el arte a partir de la exploraci\u00f3n y la b\u00fasqueda de diferentes posibilidades para expresar sus sentimientos, emociones y comprensi\u00f3n de la realidad.\",\"breadcrumb\":{\"@id\":\"https:\/\/www.gimnasiovermont.edu.co\/en\/department-of-visual-arts\/#breadcrumb\"},\"inLanguage\":\"en-US\",\"potentialAction\":[{\"@type\":\"ReadAction\",\"target\":[\"https:\/\/www.gimnasiovermont.edu.co\/en\/department-of-visual-arts\/\"]}]},{\"@type\":\"ImageObject\",\"inLanguage\":\"en-US\",\"@id\":\"https:\/\/www.gimnasiovermont.edu.co\/en\/department-of-visual-arts\/#primaryimage\",\"url\":\"http:\/\/www.gimnasiovermont.edu.co\/wp-content\/uploads\/2021\/11\/Banner-Paginas-internas-PG-Web-GV-8.png\",\"contentUrl\":\"http:\/\/www.gimnasiovermont.edu.co\/wp-content\/uploads\/2021\/11\/Banner-Paginas-internas-PG-Web-GV-8.png\"},{\"@type\":\"BreadcrumbList\",\"@id\":\"https:\/\/www.gimnasiovermont.edu.co\/en\/department-of-visual-arts\/#breadcrumb\",\"itemListElement\":[{\"@type\":\"ListItem\",\"position\":1,\"name\":\"Inicio\",\"item\":\"https:\/\/www.gimnasiovermont.edu.co\/en\/\"},{\"@type\":\"ListItem\",\"position\":2,\"name\":\"Department of Visual Arts\"}]},{\"@type\":\"WebSite\",\"@id\":\"https:\/\/www.gimnasiovermont.edu.co\/#website\",\"url\":\"https:\/\/www.gimnasiovermont.edu.co\/\",\"name\":\"Gimnasio Vermont\",\"description\":\"\",\"publisher\":{\"@id\":\"https:\/\/www.gimnasiovermont.edu.co\/#organization\"},\"potentialAction\":[{\"@type\":\"SearchAction\",\"target\":{\"@type\":\"EntryPoint\",\"urlTemplate\":\"https:\/\/www.gimnasiovermont.edu.co\/?s={search_term_string}\"},\"query-input\":{\"@type\":\"PropertyValueSpecification\",\"valueRequired\":true,\"valueName\":\"search_term_string\"}}],\"inLanguage\":\"en-US\"},{\"@type\":\"Organization\",\"@id\":\"https:\/\/www.gimnasiovermont.edu.co\/#organization\",\"name\":\"Gimnasio Vermont\",\"url\":\"https:\/\/www.gimnasiovermont.edu.co\/\",\"logo\":{\"@type\":\"ImageObject\",\"inLanguage\":\"en-US\",\"@id\":\"https:\/\/www.gimnasiovermont.edu.co\/#\/schema\/logo\/image\/\",\"url\":\"https:\/\/www.gimnasiovermont.edu.co\/wp-content\/uploads\/2021\/01\/logo.svg\",\"contentUrl\":\"https:\/\/www.gimnasiovermont.edu.co\/wp-content\/uploads\/2021\/01\/logo.svg\",\"caption\":\"Gimnasio Vermont\"},\"image\":{\"@id\":\"https:\/\/www.gimnasiovermont.edu.co\/#\/schema\/logo\/image\/\"}}]}<\/script>\n<!-- \/ Yoast SEO plugin. -->","yoast_head_json":{"title":"Department of Visual Arts - Gimnasio Vermont","description":"Los estudiantes interiorizan el arte a partir de la exploraci\u00f3n y la b\u00fasqueda de diferentes posibilidades para expresar sus sentimientos, emociones y comprensi\u00f3n de la realidad.","robots":{"index":"index","follow":"follow","max-snippet":"max-snippet:-1","max-image-preview":"max-image-preview:large","max-video-preview":"max-video-preview:-1"},"canonical":"https:\/\/www.gimnasiovermont.edu.co\/en\/department-of-visual-arts\/","og_locale":"en_US","og_type":"article","og_title":"Department of Visual Arts - Gimnasio Vermont","og_description":"Los estudiantes interiorizan el arte a partir de la exploraci\u00f3n y la b\u00fasqueda de diferentes posibilidades para expresar sus sentimientos, emociones y comprensi\u00f3n de la realidad.","og_url":"https:\/\/www.gimnasiovermont.edu.co\/en\/department-of-visual-arts\/","og_site_name":"Gimnasio Vermont","article_modified_time":"2022-12-26T21:24:53+00:00","og_image":[{"url":"http:\/\/www.gimnasiovermont.edu.co\/wp-content\/uploads\/2021\/11\/Banner-Paginas-internas-PG-Web-GV-8.png","type":"","width":"","height":""}],"twitter_card":"summary_large_image","twitter_misc":{"Est. reading time":"3 minutes"},"schema":{"@context":"https:\/\/schema.org","@graph":[{"@type":"WebPage","@id":"https:\/\/www.gimnasiovermont.edu.co\/en\/department-of-visual-arts\/","url":"https:\/\/www.gimnasiovermont.edu.co\/en\/department-of-visual-arts\/","name":"Department of Visual Arts - Gimnasio Vermont","isPartOf":{"@id":"https:\/\/www.gimnasiovermont.edu.co\/#website"},"primaryImageOfPage":{"@id":"https:\/\/www.gimnasiovermont.edu.co\/en\/department-of-visual-arts\/#primaryimage"},"image":{"@id":"https:\/\/www.gimnasiovermont.edu.co\/en\/department-of-visual-arts\/#primaryimage"},"thumbnailUrl":"http:\/\/www.gimnasiovermont.edu.co\/wp-content\/uploads\/2021\/11\/Banner-Paginas-internas-PG-Web-GV-8.png","datePublished":"2022-11-21T18:50:22+00:00","dateModified":"2022-12-26T21:24:53+00:00","description":"Los estudiantes interiorizan el arte a partir de la exploraci\u00f3n y la b\u00fasqueda de diferentes posibilidades para expresar sus sentimientos, emociones y comprensi\u00f3n de la realidad.","breadcrumb":{"@id":"https:\/\/www.gimnasiovermont.edu.co\/en\/department-of-visual-arts\/#breadcrumb"},"inLanguage":"en-US","potentialAction":[{"@type":"ReadAction","target":["https:\/\/www.gimnasiovermont.edu.co\/en\/department-of-visual-arts\/"]}]},{"@type":"ImageObject","inLanguage":"en-US","@id":"https:\/\/www.gimnasiovermont.edu.co\/en\/department-of-visual-arts\/#primaryimage","url":"http:\/\/www.gimnasiovermont.edu.co\/wp-content\/uploads\/2021\/11\/Banner-Paginas-internas-PG-Web-GV-8.png","contentUrl":"http:\/\/www.gimnasiovermont.edu.co\/wp-content\/uploads\/2021\/11\/Banner-Paginas-internas-PG-Web-GV-8.png"},{"@type":"BreadcrumbList","@id":"https:\/\/www.gimnasiovermont.edu.co\/en\/department-of-visual-arts\/#breadcrumb","itemListElement":[{"@type":"ListItem","position":1,"name":"Inicio","item":"https:\/\/www.gimnasiovermont.edu.co\/en\/"},{"@type":"ListItem","position":2,"name":"Department of Visual Arts"}]},{"@type":"WebSite","@id":"https:\/\/www.gimnasiovermont.edu.co\/#website","url":"https:\/\/www.gimnasiovermont.edu.co\/","name":"Gimnasio Vermont","description":"","publisher":{"@id":"https:\/\/www.gimnasiovermont.edu.co\/#organization"},"potentialAction":[{"@type":"SearchAction","target":{"@type":"EntryPoint","urlTemplate":"https:\/\/www.gimnasiovermont.edu.co\/?s={search_term_string}"},"query-input":{"@type":"PropertyValueSpecification","valueRequired":true,"valueName":"search_term_string"}}],"inLanguage":"en-US"},{"@type":"Organization","@id":"https:\/\/www.gimnasiovermont.edu.co\/#organization","name":"Gimnasio Vermont","url":"https:\/\/www.gimnasiovermont.edu.co\/","logo":{"@type":"ImageObject","inLanguage":"en-US","@id":"https:\/\/www.gimnasiovermont.edu.co\/#\/schema\/logo\/image\/","url":"https:\/\/www.gimnasiovermont.edu.co\/wp-content\/uploads\/2021\/01\/logo.svg","contentUrl":"https:\/\/www.gimnasiovermont.edu.co\/wp-content\/uploads\/2021\/01\/logo.svg","caption":"Gimnasio Vermont"},"image":{"@id":"https:\/\/www.gimnasiovermont.edu.co\/#\/schema\/logo\/image\/"}}]}},"uagb_featured_image_src":{"full":false,"thumbnail":false,"medium":false,"medium_large":false,"large":false,"1536x1536":false,"2048x2048":false},"uagb_author_info":{"display_name":"Daniela Vargas Nieto","author_link":"https:\/\/www.gimnasiovermont.edu.co\/en\/author\/comunicacionesgimnasiovermont-edu-co\/"},"uagb_comment_info":0,"uagb_excerpt":"&#8220;Art consists of celebrating, singing and carrying out beauty&#8221; Balthus What do we do? The Art Program at the school [&hellip;]","coauthors":[],"author_meta":{"author_link":"https:\/\/www.gimnasiovermont.edu.co\/en\/author\/comunicacionesgimnasiovermont-edu-co\/","display_name":"Daniela Vargas Nieto"},"relative_dates":{"created":"Posted 3 years ago","modified":"Updated 3 years ago"},"absolute_dates":{"created":"Posted on November 21, 2022","modified":"Updated on December 26, 2022"},"absolute_dates_time":{"created":"Posted on November 21, 2022 6:50 pm","modified":"Updated on December 26, 2022 9:24 pm"},"featured_img_caption":"","featured_img":false,"series_order":"","jetpack_sharing_enabled":true,"_links":{"self":[{"href":"https:\/\/www.gimnasiovermont.edu.co\/en\/wp-json\/wp\/v2\/pages\/14196","targetHints":{"allow":["GET"]}}],"collection":[{"href":"https:\/\/www.gimnasiovermont.edu.co\/en\/wp-json\/wp\/v2\/pages"}],"about":[{"href":"https:\/\/www.gimnasiovermont.edu.co\/en\/wp-json\/wp\/v2\/types\/page"}],"author":[{"embeddable":true,"href":"https:\/\/www.gimnasiovermont.edu.co\/en\/wp-json\/wp\/v2\/users\/2"}],"replies":[{"embeddable":true,"href":"https:\/\/www.gimnasiovermont.edu.co\/en\/wp-json\/wp\/v2\/comments?post=14196"}],"version-history":[{"count":0,"href":"https:\/\/www.gimnasiovermont.edu.co\/en\/wp-json\/wp\/v2\/pages\/14196\/revisions"}],"wp:attachment":[{"href":"https:\/\/www.gimnasiovermont.edu.co\/en\/wp-json\/wp\/v2\/media?parent=14196"}],"curies":[{"name":"wp","href":"https:\/\/api.w.org\/{rel}","templated":true}]}}